{"id":225,"date":"2023-10-13T14:03:50","date_gmt":"2023-10-13T12:03:50","guid":{"rendered":"https:\/\/www.okaju.lu\/?page_id=225"},"modified":"2025-06-19T15:29:18","modified_gmt":"2025-06-19T13:29:18","slug":"les-missions-de-l-okaju","status":"publish","type":"page","link":"https:\/\/www.okaju.lu\/pt-pt\/les-missions-de-l-okaju\/","title":{"rendered":"Okaju"},"content":{"rendered":"\n[gap height=&#8221;56px&#8221;]\n\n[row label=&#8221;missions&#8221;]\n\n[col span__sm=&#8221;12&#8243; animate=&#8221;fadeInUp&#8221;]\n\n<h1>Les missions de l&#8217;OKaJu<\/h1>\n<p class=\"lead\">L\u2019OKaJu a pour mission de promouvoir, de sauvegarder et de prot\u00e9ger les droits de l\u2019enfant. Les missions sont d\u00e9finies dans la loi du <a href=\"https:\/\/legilux.public.lu\/eli\/etat\/leg\/loi\/2020\/04\/01\/a282\/jo\">1er avril 2020 qui institue <\/a><em>l\u2019Ombudsman fir Kanner a Jugendlecher.<\/em><\/p>\n\n[\/col]\n[col span=&#8221;6&#8243; span__sm=&#8221;12&#8243; animate=&#8221;fadeInUp&#8221;]\n\n<p class=\"highlight\">La <strong>promotion des droits de l&#8217;enfant <\/strong>est une mission de pr\u00e9vention.<\/p>\n<p>Elle comprend\u00a0:<\/p>\n<ul>\n<li>Le conseil de personnes physiques ou morales concernant <span class=\"highlight02\">la mise en pratique des droits de l&#8217;enfant\u00a0;<\/span><\/li>\n<li><span class=\"highlight02\">La sensibilisation des enfants<\/span> \u00e0 leurs droits et <span class=\"highlight02\">la sensibilisation du public<\/span> aux droits de l&#8217;enfant\u00a0;<\/li>\n<li>La remise d&#8217;un rapport annuel \u00e0 la Chambre des d\u00e9put\u00e9s. Ce rapport reprend <span class=\"highlight02\">la situation des droits de l&#8217;enfant au Luxembourg<\/span> et pr\u00e9sente les activit\u00e9s de l\u2019OKAJU.<\/li>\n<\/ul>\n[ux_image id=&#8221;44&#8243; width=&#8221;45&#8243; margin=&#8221;0px 0px -220px 0px&#8221; class=&#8221;dots&#8221;]\n\n[ux_image id=&#8221;63&#8243;]\n\n\n[\/col]\n[col span=&#8221;6&#8243; span__sm=&#8221;12&#8243; animate=&#8221;fadeInUp&#8221;]\n\n<p class=\"highlight\"><strong>La mission de sauvegarde<\/strong> <strong>des droits de l\u2019enfant<\/strong> est une mission g\u00e9n\u00e9rale de pr\u00e9vention.<\/p>\n<p>Elle comprend\u00a0:<\/p>\n<ul>\n<li>Le conseil de personnes physiques ou morales concernant <span class=\"highlight02\">la mise en pratique des droits de l&#8217;enfant\u00a0;<\/span><\/li>\n<li>L&#8217;analyse des dispositifs pour <span class=\"highlight02\">prot\u00e9ger et promouvoir les droits de l&#8217;enfant<\/span> afin de recommander aux instances comp\u00e9tentes, s&#8217;il y a lieu, des adaptations que l\u2019OKaJu juge n\u00e9cessaires pour assurer de fa\u00e7on durable <span class=\"highlight02\">une meilleure protection des droits de l&#8217;enfant\u00a0;<\/span><\/li>\n<li>L\u2019\u00e9laboration d&#8217;avis sur tous les projets de loi, des propositions de loi et des projets de r\u00e8glement grand-ducaux qui ont <span class=\"highlight02\">un impact sur le respect des droits de l&#8217;enfant\u00a0;<\/span><\/li>\n<li>L&#8217;\u00e9laboration d&#8217;avis \u00e0 la demande du Gouvernement ou de la Chambre des d\u00e9put\u00e9s sur <span class=\"highlight02\">toute question portant sur les droits de l&#8217;enfant.<\/span><\/li>\n<\/ul>\n<p>\u00a0<\/p>\n<p class=\"highlight\"><strong>La mission de protection des droits de l\u2019enfant<\/strong> comprend\u00a0:<\/p>\n<ul>\n<li>Le conseil de personnes physiques ou morales concernant <span class=\"highlight02\">la mise en pratique des \u2028droits de l&#8217;enfant\u00a0;<\/span><\/li>\n<li><span class=\"highlight02\">La r\u00e9ception et l&#8217;examen des r\u00e9clamations<\/span> qui sont adress\u00e9es \u00e0 l\u2019OKaJu en mati\u00e8re de non-respect des droits de l&#8217;enfant et la formulation de recommandations en vue du redressement de la situation signal\u00e9e\u00a0;<\/li>\n<li><span class=\"highlight02\">Le signalement des cas de non-respect des droits de l&#8217;enfant aux autorit\u00e9s comp\u00e9tentes<\/span> et la formulation de recommandations en vue du redressement de la situation signal\u00e9e.<\/li>\n<\/ul>\n\n[\/col]\n\n[\/row]\n\n","protected":false},"excerpt":{"rendered":"","protected":false},"author":1,"featured_media":0,"parent":0,"menu_order":0,"comment_status":"closed","ping_status":"closed","template":"","meta":{"_acf_changed":false,"footnotes":""},"article-cdie":[],"dossier":[],"class_list":["post-225","page","type-page","status-publish","hentry"],"acf":[],"_links":{"self":[{"href":"https:\/\/www.okaju.lu\/pt-pt\/wp-json\/wp\/v2\/pages\/225","targetHints":{"allow":["GET"]}}],"collection":[{"href":"https:\/\/www.okaju.lu\/pt-pt\/wp-json\/wp\/v2\/pages"}],"about":[{"href":"https:\/\/www.okaju.lu\/pt-pt\/wp-json\/wp\/v2\/types\/page"}],"author":[{"embeddable":true,"href":"https:\/\/www.okaju.lu\/pt-pt\/wp-json\/wp\/v2\/users\/1"}],"replies":[{"embeddable":true,"href":"https:\/\/www.okaju.lu\/pt-pt\/wp-json\/wp\/v2\/comments?post=225"}],"version-history":[{"count":9,"href":"https:\/\/www.okaju.lu\/pt-pt\/wp-json\/wp\/v2\/pages\/225\/revisions"}],"predecessor-version":[{"id":3982,"href":"https:\/\/www.okaju.lu\/pt-pt\/wp-json\/wp\/v2\/pages\/225\/revisions\/3982"}],"wp:attachment":[{"href":"https:\/\/www.okaju.lu\/pt-pt\/wp-json\/wp\/v2\/media?parent=225"}],"wp:term":[{"taxonomy":"article-cdie","embeddable":true,"href":"https:\/\/www.okaju.lu\/pt-pt\/wp-json\/wp\/v2\/article-cdie?post=225"},{"taxonomy":"dossier","embeddable":true,"href":"https:\/\/www.okaju.lu\/pt-pt\/wp-json\/wp\/v2\/dossier?post=225"}],"curies":[{"name":"wp","href":"https:\/\/api.w.org\/{rel}","templated":true}]}}